{"version":"1.0","provider_name":"B\u0171ntelen \u00c9lvezetek Ivett konyh\u00e1j\u00e1b\u00f3l","provider_url":"https:\/\/buntelenelvezetek.cafeblog.hu","author_name":"Yvee","author_url":"https:\/\/buntelenelvezetek.cafeblog.hu\/author\/yvee\/","title":"Keny\u00e9rtekercs","html":"Ez volt n\u00e1lunk a vacsora, valamelyik este. Ezt a receptet \u00e9n k\u00e9peken l\u00e1ttam csak valamelyik ismer\u0151s\u00f6m osztotta meg. Mondom ezt nekem ki kell pr\u00f3b\u00e1ljam.\r\n\r\nPr\u00f3b\u00e1lok nektek kedveskedni, ezt a receptet egy vide\u00f3val fogom illusztr\u00e1lni nektek!\r\n\r\n&nbsp;\r\n\r\n<strong>Hozz\u00e1val\u00f3k:<\/strong>\r\n<ul>\r\n\t<li>toast keny\u00e9r (\u00e9n teljeski\u00f6rl\u00e9s\u0171t haszn\u00e1ltam)<\/li>\r\n\t<li>lapsajt<\/li>\r\n\t<li>csirkemell sonka<\/li>\r\n\t<li>lazackr\u00e9m (elhagyhat\u00f3)<\/li>\r\n\t<li>bacon vagy feketeerdei sonka<\/li>\r\n\t<li>fogpiszk\u00e1l\u00f3<\/li>\r\n<\/ul>\r\n&nbsp;\r\n\r\nElk\u00e9sz\u00edt\u00e9se:\r\n\r\nKig\u00e9sz\u00edt\u00e9s: S\u0171t\u0151pap\u00edrral b\u00e9lelt tepsibe tessz\u00fck \u00e9s el\u0151meleg\u00edtett s\u0171t\u0151be s\u00fctj\u00fck meg! :)\r\n\r\n&nbsp;\r\n\r\n[embed]https:\/\/www.youtube.com\/watch?v=kBVDt0kcpsE[\/embed]\r\n\r\n&nbsp;\r\n\r\n<a href=\"https:\/\/buntelenelvezetek.cafeblog.hu\/files\/2014\/07\/IMG_3490.jpg\"><img class=\"alignnone size-medium wp-image-391\" src=\"https:\/\/buntelenelvezetek.cafeblog.hu\/files\/2014\/07\/IMG_3490-225x300.jpg\" alt=\"IMG_3490\" width=\"225\" height=\"300\" \/><\/a>\r\n\r\n&nbsp;\r\n\r\n&nbsp;","type":"rich"}